{"version":"1.0","provider_name":"Jobb mint volt","provider_url":"https:\/\/jobbmintvolt.cafeblog.hu","author_name":"Ujh\u00e1zi Ildik\u00f3","author_url":"https:\/\/jobbmintvolt.cafeblog.hu\/author\/ujhazi_ildiko\/","title":"Bek\u00e9k\u00fclt a fotelem","html":"<p>A ny\u00e1r v\u00e9ge fel\u00e9 bezsongtam, \u00e9s miut\u00e1n \u00e1th\u00faztam a kanap\u00e9t, m\u00e1ris a fotelemet n\u00e9zegettem, hogy arra is r\u00e1f\u00e9rne a friss\u00edt\u00e9s. Ilyen ez, ha az emberl\u00e1nya k\u00e1rpitozni tanul, nincsenek biztons\u00e1gban a b\u00fatorok a lak\u00e1sban.\u00a0<\/p>\r\n<p><a href=\"https:\/\/jobbmintvolt.cafeblog.hu\/files\/2017\/09\/f2.jpg\"><img class=\"aligncenter size-large wp-image-2430\" src=\"https:\/\/jobbmintvolt.cafeblog.hu\/files\/2017\/09\/f2-450x600.jpg\" alt=\"\" width=\"450\" height=\"600\" \/><\/a><\/p>\r\n<p>Megkezd\u0151d\u00f6tt a tervezget\u00e9s, milyen sz\u00edn\u0171, st\u00edlus\u00fa anyagot tegyek r\u00e1. A sz\u00fcrk\u00e9t - tudatosan - ker\u00fcltem, valami \u00faj sz\u00ednre v\u00e1gyott a lelkem. Ami sz\u00f3ba j\u00f6tt a must\u00e1rs\u00e1rga, z\u00f6ld, r\u00f3zsasz\u00edn \u00e9s k\u00e9k. Azt\u00e1n tal\u00e1ltam is egy bitang anyagot a neten, ami k\u00e9p alapj\u00e1n nagyon tetszett.<\/p>\r\n<p><a href=\"https:\/\/jobbmintvolt.cafeblog.hu\/files\/2017\/09\/akvarell.jpg\"><img class=\"aligncenter size-full wp-image-2426\" src=\"https:\/\/jobbmintvolt.cafeblog.hu\/files\/2017\/09\/akvarell.jpg\" alt=\"\" width=\"200\" height=\"200\" \/><\/a><\/p>\r\n<p>A boltba el is mentem, vettem bel\u0151le p\u00e1r m\u00e9tert \u00e9s alig v\u00e1rtam, hogy otthon felfektessem a fotelra, n\u00e9zegessem az \u00f6sszhat\u00e1st. Sajnos nem tetszett :( T\u00fal sok volt csak \u00fagy mag\u00e1ban, hogy a fotelt \u00e9s a l\u00e1btart\u00f3t is azzal h\u00fazzam be. Kevergettem mindenf\u00e9le sz\u00edn\u0171 anyagokkal (fekete, feh\u00e9r, sz\u0171rke, valami s\u00f6t\u00e9tebb k\u00e9k...), csak r\u00e9szben felhaszn\u00e1lva az akvarelles mint\u00e1st, de nem \u00e1llt \u00f6ssze a k\u00e9p. \u00dagyhogy, legnagyobb sajn\u00e1latomra, \u00fajabb s\u00e9t\u00e1t iktattam be a bolt \u00e9s az otthonom k\u00f6zt (\u00dajpest-Kispest t\u00e1vols\u00e1g), ahol szerencs\u00e9mre visszafogadt\u00e1k az anyagot, de le kellett v\u00e1s\u00e1rolnom a k\u00e9szleten l\u00e9v\u0151 textilekb\u0151l. M\u00e1r r\u00e9gebben valakinek k\u00e9sz\u00edtettem egy s\u00f6t\u00e9tk\u00e9k csillog\u00f3s b\u00e1rsonyszer\u0171 zsenili\u00e1b\u00f3l padokat, aminek nagyon tetszett az anyaga \u00e9s a sz\u00edne is, abb\u00f3l vittem mint\u00e1t \u00e9s ebbe az ir\u00e1nyba keresg\u00e9ltem. V\u00e9g\u00fcl egy kicsit vil\u00e1gosabb k\u00e9ket v\u00e1lasztottam, szerintem tengerk\u00e9k. Eddig ez a legdr\u00e1g\u00e1bb sz\u00f6vetem, mert ennek m\u00e9tere 6 ezer ft, 3 m\u00e9tert v\u00e1s\u00e1roltam bel\u0151le a fotelra \u00e9s a l\u00e1btart\u00f3ra. A pontos sz\u00edn\u00e9t neh\u00e9z lefot\u00f3zni, majd l\u00e1tj\u00e1tok az elk\u00e9sz\u00fclt fotelen is \u00e1lland\u00f3an v\u00e1ltozik a f\u00e9ny szerint.<\/p>\r\n<p><a href=\"https:\/\/jobbmintvolt.cafeblog.hu\/files\/2017\/09\/f0.jpg\"><img class=\"aligncenter size-large wp-image-2428\" src=\"https:\/\/jobbmintvolt.cafeblog.hu\/files\/2017\/09\/f0-600x450.jpg\" alt=\"\" width=\"600\" height=\"450\" \/><\/a><\/p>\r\n<p>Ezzel hazas\u00e9t\u00e1lva ism\u00e9t a felter\u00edtem a fotelra j\u00e1t\u00e9k k\u00f6vetkezett, csal\u00e1di tan\u00e1cskoz\u00e1ssal egybek\u00f6tve. Maradhatott, szerencs\u00e9re, mert \u00fajra m\u00e1r nem vihettem volna vissza.<\/p>\r\n<p>Sebtiben nekiugrottam a fotel bont\u00e1s\u00e1nak. Els\u0151 l\u00e9p\u00e9sk\u00e9nt a sz\u00e1lir\u00e1nyokat megjel\u0151ltem a r\u00e9gi k\u00e1rpiton -mivel ez lesz a szab\u00e1smint\u00e1m-, hogy megfelel\u0151 ir\u00e1nyba helyezzem majd fel az \u00faj anyagra. Kiszab\u00e1skor jel\u00f6lend\u0151 az \u00faj textilen is az ir\u00e1nyz\u00e9ka, f\u0151leg egy olyan anyagon ahol a minta, simul\u00e1s, f\u00e9nyess\u00e9g figyel\u00e9se fontos. Az \u00e9n anyagomn\u00e1l p\u00e9ld\u00e1ul a simul\u00e1sa volt nem mindegy, mert ha v\u00e9letlen megford\u00edtom, az adott darabnak eg\u00e9sz m\u00e1s sz\u00edne lesz felhelyezve, ami el\u00e9gg\u00e9 zavar\u00f3 \u00e9s bosszant\u00f3 lenne. Ezut\u00e1n m\u00e1r bonthat\u00f3 is.<\/p>\r\n<p><a href=\"https:\/\/jobbmintvolt.cafeblog.hu\/files\/2017\/09\/f4.jpg\"><img class=\"aligncenter size-large wp-image-2432\" src=\"https:\/\/jobbmintvolt.cafeblog.hu\/files\/2017\/09\/f4-450x600.jpg\" alt=\"\" width=\"450\" height=\"600\" \/><\/a><\/p>\r\n<p><a href=\"https:\/\/jobbmintvolt.cafeblog.hu\/files\/2017\/09\/f3.jpg\"><img class=\"aligncenter size-large wp-image-2431\" src=\"https:\/\/jobbmintvolt.cafeblog.hu\/files\/2017\/09\/f3-450x600.jpg\" alt=\"\" width=\"450\" height=\"600\" \/><\/a><\/p>\r\n<p>Mivel el\u0151z\u0151leg is \u00e9n k\u00e1rpitoztam m\u00e1r ezt is, nem kellett sokat jegyzetelnem, mit \u00e9s hogyan kell csin\u00e1lni. De aki ismeretlen b\u00fatordarabnak kezd, aj\u00e1nlom a s\u0171r\u0171n fot\u00f3zgat\u00e1st \u00e9s jegyzetel\u00e9st, mert sokat tud seg\u00edteni a vissza\u00e9p\u00edtkez\u00e9sn\u00e9l. Mert az\u00e9rt van k\u00e1osz bel\u00fcl.<\/p>\r\n<p><a href=\"https:\/\/jobbmintvolt.cafeblog.hu\/files\/2017\/09\/f5.jpg\"><img class=\"aligncenter size-large wp-image-2433\" src=\"https:\/\/jobbmintvolt.cafeblog.hu\/files\/2017\/09\/f5-450x600.jpg\" alt=\"\" width=\"450\" height=\"600\" \/><\/a><\/p>\r\n<p>Lebont\u00e1s ut\u00e1n lem\u00e9regettem a sz\u00f6vetdarabokat \u00e9s elk\u00e9sz\u00edtettem a szab\u00e1sminta tervet, mely adja majd a kiszab\u00e1sn\u00e1l a sorrendet. Kb ez annyi, hogy a 140 sz\u00e9les anyaggal sz\u00e1molva egym\u00e1s mell\u00e9-f\u00f6l\u00e9-al\u00e1 rakom pap\u00edron a hossz x sz\u00e9less\u00e9g adatokat, \u00e9s kisz\u00e1molhat\u00f3 mi hova fog elf\u00e9rni, honnan kell kiv\u00e1gni majd. Ezt is \u00e9rdemes elk\u00e9sz\u00edteni, \u00edgy lehet a leganyagtakar\u00e9kosabban szabni, vagy kisz\u00e1m\u00edtani az anyagig\u00e9nyt. Itt der\u00fclt ki n\u00e1lam, hogy a 3 m\u00e9ter kev\u00e9s, ha a l\u00e1btart\u00f3ra is ezt az anyagot akarom tenni, de szerencs\u00e9mre a boltban b\u0151ven sz\u00e1molt\u00e1k azt a 3 m\u00e9tert \u00e9s megvolt (b\u00e1r el\u00e9g szorosan) a 330 cm, amire sz\u00fcks\u00e9gem volt. Itt j\u00f6n a \"jaj, csak el ne szabjam\" babszem a bizonyos testr\u00e9szbe, de ink\u00e1bb 3szor m\u00e9rni \u00e9s 1szer v\u00e1gni elv m\u0171k\u00f6dni szokott n\u00e1lam.<\/p>\r\n<p><a href=\"https:\/\/jobbmintvolt.cafeblog.hu\/files\/2017\/09\/fektet\u00e9si-rajz-1.jpg\"><img class=\"aligncenter size-large wp-image-2477\" src=\"https:\/\/jobbmintvolt.cafeblog.hu\/files\/2017\/09\/fektet\u00e9si-rajz-1-424x600.jpg\" alt=\"\" width=\"424\" height=\"600\" \/><\/a><\/p>\r\n<p>A fotel szivacsai el\u00e9gg\u00e9 \u00f6sszeestek m\u00e1r az id\u0151k folyam\u00e1n, \u00edgy az is cser\u00e9re szorult. A karf\u00e1t felturb\u00f3ztam 2 cm-s szivaccsal, az \u00fcl\u00e9sre is ker\u00fcl majd \u00faj darab. Egyed\u00fcl a t\u00e1ml\u00e1n hagytam fent a r\u00e9git, oda csak 1 cm vastaggal befedtem. Szivacsra pedig mindig j\u00f6n a vlies.<\/p>\r\n<p><a href=\"https:\/\/jobbmintvolt.cafeblog.hu\/files\/2017\/09\/f6.jpg\"><img class=\"aligncenter size-large wp-image-2434\" src=\"https:\/\/jobbmintvolt.cafeblog.hu\/files\/2017\/09\/f6-450x600.jpg\" alt=\"\" width=\"450\" height=\"600\" \/><\/a><\/p>\r\n<p><a href=\"https:\/\/jobbmintvolt.cafeblog.hu\/files\/2017\/09\/f7.jpg\"><img class=\"aligncenter size-large wp-image-2435\" src=\"https:\/\/jobbmintvolt.cafeblog.hu\/files\/2017\/09\/f7-450x600.jpg\" alt=\"\" width=\"450\" height=\"600\" \/><\/a><\/p>\r\n<p><a href=\"https:\/\/jobbmintvolt.cafeblog.hu\/files\/2017\/09\/f8.jpg\"><img class=\"aligncenter size-large wp-image-2436\" src=\"https:\/\/jobbmintvolt.cafeblog.hu\/files\/2017\/09\/f8-450x600.jpg\" alt=\"\" width=\"450\" height=\"600\" \/><\/a><\/p>\r\n<p>Itt csak a karf\u00e1k bevonat\u00e1nak kialak\u00edt\u00e1sa k\u00edv\u00e1nt n\u00e9mi komplik\u00e1ltabb g\u00e9pivarr\u00e1st, ahol az \u00edvet k\u00f6vetnem kellett. R\u00e9gen mindig gombost\u0171vel \u00f6sszet\u0171ztem varr\u00e1s el\u0151tt, de az iskol\u00e1ban a tan\u00e1runk azt mondta, hogy a k\u00e1rpitos nem gombost\u0171zik, ez\u00e9rt \u00e9n is pr\u00f3b\u00e1lok mindent r\u00f6gt\u00f6n varrni. Egyre \u00fcgyesebben :) Viszont a szab\u00e1sn\u00e1l nagyon figyelek, hogy millim\u00e9terre pontosan szabjam ki, mert akkor val\u00f3ban sim\u00e1n \u00f6sszevarrhat\u00f3 t\u0171z\u00e9s n\u00e9lk\u00fcl, csak az anyagsz\u00e9leket kell k\u00f6vetni. A karf\u00e1k k\u00fcls\u0151 bor\u00edt\u00e1sa az utols\u00f3 el\u0151tti l\u00e9p\u00e9s lesz.<\/p>\r\n<p><a href=\"https:\/\/jobbmintvolt.cafeblog.hu\/files\/2017\/09\/f9.jpg\"><img class=\"aligncenter size-large wp-image-2437\" src=\"https:\/\/jobbmintvolt.cafeblog.hu\/files\/2017\/09\/f9-450x600.jpg\" alt=\"\" width=\"450\" height=\"600\" \/><\/a><\/p>\r\n<p>\u00dcl\u00e9s k\u00f6vetkezhet, megkapta a szivacsot \u00e9s vliest ez is, majd a bevonatot is r\u00f6gz\u00edthettem.\u00a0<\/p>\r\n<p><a href=\"https:\/\/jobbmintvolt.cafeblog.hu\/files\/2017\/09\/f10.jpg\"><img class=\"aligncenter size-large wp-image-2438\" src=\"https:\/\/jobbmintvolt.cafeblog.hu\/files\/2017\/09\/f10-450x600.jpg\" alt=\"\" width=\"450\" height=\"600\" \/><\/a><\/p>\r\n<p><a href=\"https:\/\/jobbmintvolt.cafeblog.hu\/files\/2017\/09\/f11.jpg\"><img class=\"aligncenter size-large wp-image-2439\" src=\"https:\/\/jobbmintvolt.cafeblog.hu\/files\/2017\/09\/f11-450x600.jpg\" alt=\"\" width=\"450\" height=\"600\" \/><\/a><\/p>\r\n<p><a href=\"https:\/\/jobbmintvolt.cafeblog.hu\/files\/2017\/09\/f12.jpg\"><img class=\"aligncenter size-large wp-image-2440\" src=\"https:\/\/jobbmintvolt.cafeblog.hu\/files\/2017\/09\/f12-450x600.jpg\" alt=\"\" width=\"450\" height=\"600\" \/><\/a><\/p>\r\n<p><a href=\"https:\/\/jobbmintvolt.cafeblog.hu\/files\/2017\/09\/f13.jpg\"><img class=\"aligncenter size-large wp-image-2441\" src=\"https:\/\/jobbmintvolt.cafeblog.hu\/files\/2017\/09\/f13-450x600.jpg\" alt=\"\" width=\"450\" height=\"600\" \/><\/a><\/p>\r\n<p>H\u00e1tt\u00e1mla ugyanez a m\u00f3dszer, h\u00e1tul minden ler\u00f6gz\u00edtve. Ekkor m\u00e1r a felesleges anyagsz\u00e9lek is lev\u00e1ghat\u00f3ak, igaz\u00e1b\u00f3l a nagy munk\u00e1val szinte k\u00e9sz is vagyunk, m\u00e1r csak a k\u00fcls\u0151 bor\u00edt\u00e1sok j\u00f6nnek. El\u0151bb a karf\u00e1k k\u00fcls\u0151 r\u00e9sze, majd a h\u00e1ts\u00f3 bor\u00edt\u00e1s. Ezeknek az oldal\u00e1t k\u00e9zzel kell majd \u00f6sszevarrni.<\/p>\r\n<p><a href=\"https:\/\/jobbmintvolt.cafeblog.hu\/files\/2017\/09\/f16.jpg\"><img class=\"aligncenter size-large wp-image-2444\" src=\"https:\/\/jobbmintvolt.cafeblog.hu\/files\/2017\/09\/f16-600x450.jpg\" alt=\"\" width=\"600\" height=\"450\" \/><\/a><\/p>\r\n<p><a href=\"https:\/\/jobbmintvolt.cafeblog.hu\/files\/2017\/09\/f17.jpg\"><img class=\"aligncenter size-large wp-image-2445\" src=\"https:\/\/jobbmintvolt.cafeblog.hu\/files\/2017\/09\/f17-450x600.jpg\" alt=\"\" width=\"450\" height=\"600\" \/><\/a><\/p>\r\n<p><a href=\"https:\/\/jobbmintvolt.cafeblog.hu\/files\/2017\/09\/f18.jpg\"><img class=\"aligncenter size-large wp-image-2446\" src=\"https:\/\/jobbmintvolt.cafeblog.hu\/files\/2017\/09\/f18-450x600.jpg\" alt=\"\" width=\"450\" height=\"600\" \/><\/a><\/p>\r\n<p><a href=\"https:\/\/jobbmintvolt.cafeblog.hu\/files\/2017\/09\/f19.jpg\"><img class=\"aligncenter size-large wp-image-2447\" src=\"https:\/\/jobbmintvolt.cafeblog.hu\/files\/2017\/09\/f19-450x600.jpg\" alt=\"\" width=\"450\" height=\"600\" \/><\/a><\/p>\r\n<p><a href=\"https:\/\/jobbmintvolt.cafeblog.hu\/files\/2017\/09\/f20.jpg\"><img class=\"aligncenter size-large wp-image-2448\" src=\"https:\/\/jobbmintvolt.cafeblog.hu\/files\/2017\/09\/f20-450x600.jpg\" alt=\"\" width=\"450\" height=\"600\" \/><\/a><\/p>\r\n<p><a href=\"https:\/\/jobbmintvolt.cafeblog.hu\/files\/2017\/09\/f21.jpg\"><img class=\"aligncenter size-large wp-image-2449\" src=\"https:\/\/jobbmintvolt.cafeblog.hu\/files\/2017\/09\/f21-450x600.jpg\" alt=\"\" width=\"450\" height=\"600\" \/><\/a><\/p>\r\n<p>Alul k\u00e9derrel d\u00edsz\u00edtettem m\u00e9g, amihez szin\u00f3rt varrtam egy anyagcs\u00edkba, \u00e9s azt k\u00f6rben alulra felr\u00f6gz\u00edtettem. A l\u00e1bakn\u00e1l a k\u00e9pen mutatott m\u00f3don kiv\u00e1gtam. Ott lehet ragasztani, vagy egyszer\u0171en csak j\u00f3l megfesz\u00edtve a l\u00e1b el\u0151tt-ut\u00e1n r\u00f6gz\u00edteni. Nem fog elmozdulni. Az als\u00f3 bor\u00edt\u00e1s m\u00e1r a legv\u00e9ge, ez teszi a fotelt alulr\u00f3l is rendezettnek.<\/p>\r\n<p><a href=\"https:\/\/jobbmintvolt.cafeblog.hu\/files\/2017\/09\/f22.jpg\"><img class=\"aligncenter size-large wp-image-2450\" src=\"https:\/\/jobbmintvolt.cafeblog.hu\/files\/2017\/09\/f22-600x450.jpg\" alt=\"\" width=\"600\" height=\"450\" \/><\/a><\/p>\r\n<p><a href=\"https:\/\/jobbmintvolt.cafeblog.hu\/files\/2017\/09\/f23.jpg\"><img class=\"aligncenter size-large wp-image-2451\" src=\"https:\/\/jobbmintvolt.cafeblog.hu\/files\/2017\/09\/f23-600x450.jpg\" alt=\"\" width=\"600\" height=\"450\" \/><\/a><\/p>\r\n<p><a href=\"https:\/\/jobbmintvolt.cafeblog.hu\/files\/2017\/09\/f24.jpg\"><img class=\"aligncenter size-large wp-image-2452\" src=\"https:\/\/jobbmintvolt.cafeblog.hu\/files\/2017\/09\/f24-600x450.jpg\" alt=\"\" width=\"600\" height=\"450\" \/><\/a><\/p>\r\n<p>K\u00e9sz, mind\u00f6ssze m\u00e1sf\u00e9l nap alatt \u00faj fotelem lett. Hogy tetszik? Nekem nagyon, b\u00e1r m\u00e9g szokatlan a sz\u00fcrke-feh\u00e9r-fekete nappalimban, de \u00e9rzem, hogy most p\u00e1r \u00e9vig megint b\u00e9k\u00e9n hagyom ezt a fotelt :)<\/p>\r\n<p><a href=\"https:\/\/jobbmintvolt.cafeblog.hu\/files\/2017\/09\/f25-1.jpg\"><img class=\"aligncenter size-large wp-image-2463\" src=\"https:\/\/jobbmintvolt.cafeblog.hu\/files\/2017\/09\/f25-1-450x600.jpg\" alt=\"\" width=\"450\" height=\"600\" \/><\/a><\/p>\r\n<p><a href=\"https:\/\/jobbmintvolt.cafeblog.hu\/files\/2017\/09\/f26-1.jpg\"><img class=\"aligncenter size-large wp-image-2464\" src=\"https:\/\/jobbmintvolt.cafeblog.hu\/files\/2017\/09\/f26-1-450x600.jpg\" alt=\"\" width=\"450\" height=\"600\" \/><\/a><\/p>\r\n<p><a href=\"https:\/\/jobbmintvolt.cafeblog.hu\/files\/2017\/09\/f27-1.jpg\"><img class=\"aligncenter size-large wp-image-2465\" src=\"https:\/\/jobbmintvolt.cafeblog.hu\/files\/2017\/09\/f27-1-450x600.jpg\" alt=\"\" width=\"450\" height=\"600\" \/><\/a><\/p>\r\n<p><a href=\"https:\/\/jobbmintvolt.cafeblog.hu\/files\/2017\/09\/f28-1.jpg\"><img class=\"aligncenter size-large wp-image-2466\" src=\"https:\/\/jobbmintvolt.cafeblog.hu\/files\/2017\/09\/f28-1-450x600.jpg\" alt=\"\" width=\"450\" height=\"600\" \/><\/a><\/p>\r\n<p><a href=\"https:\/\/jobbmintvolt.cafeblog.hu\/files\/2017\/09\/f29-1.jpg\"><img class=\"aligncenter size-large wp-image-2467\" src=\"https:\/\/jobbmintvolt.cafeblog.hu\/files\/2017\/09\/f29-1-600x450.jpg\" alt=\"\" width=\"600\" height=\"450\" \/><\/a><\/p>\r\n<p><a href=\"https:\/\/jobbmintvolt.cafeblog.hu\/files\/2017\/09\/f30-1.jpg\"><img class=\"aligncenter size-large wp-image-2468\" src=\"https:\/\/jobbmintvolt.cafeblog.hu\/files\/2017\/09\/f30-1-450x600.jpg\" alt=\"\" width=\"450\" height=\"600\" \/><\/a><\/p>\r\n<p><a href=\"https:\/\/jobbmintvolt.cafeblog.hu\/files\/2017\/09\/f31-1.jpg\"><img class=\"aligncenter size-large wp-image-2469\" src=\"https:\/\/jobbmintvolt.cafeblog.hu\/files\/2017\/09\/f31-1-450x600.jpg\" alt=\"\" width=\"450\" height=\"600\" \/><\/a><\/p>\r\n<p><a href=\"https:\/\/jobbmintvolt.cafeblog.hu\/files\/2017\/09\/f32-1.jpg\"><img class=\"aligncenter size-large wp-image-2470\" src=\"https:\/\/jobbmintvolt.cafeblog.hu\/files\/2017\/09\/f32-1-450x600.jpg\" alt=\"\" width=\"450\" height=\"600\" \/><\/a><\/p>\r\n<p>&nbsp;<\/p>\r\n<p>&nbsp;<\/p>\r\n<p>&nbsp;<\/p>\r\n<p>&nbsp;<\/p>\r\n<p>&nbsp;<\/p>\r\n<p>&nbsp;<\/p>\r\n<p>&nbsp;<\/p>","type":"rich","thumbnail_url":"https:\/\/jobbmintvolt.cafeblog.hu\/files\/2017\/09\/f25-150x150.jpg","thumbnail_width":150,"thumbnail_height":150}