{"version":"1.0","provider_name":"Jobb mint volt","provider_url":"https:\/\/jobbmintvolt.cafeblog.hu","author_name":"Ujh\u00e1zi Ildik\u00f3","author_url":"https:\/\/jobbmintvolt.cafeblog.hu\/author\/ujhazi_ildiko\/","title":"K\u00e9pes workshop besz\u00e1mol\u00f3","html":"<p>Ha hiszitek, ha nem: workshop-ot tartottam imm\u00e1r k\u00e9t alkalommal. Kezd\u0151 k\u00e1rpitoz\u00e1s a t\u00e9mak\u00f6r, amit egy retro fotelon gyakorolhatnak a r\u00e9sztvev\u0151k. Az elej\u00e9t\u0151l a v\u00e9g\u00e9ig. Azaz a r\u00e9gib\u0151l \u00fajat var\u00e1zsolnak. Most megmutatom nektek, hogy mi is t\u00f6rt\u00e9nik pontosan ezeken a workshop-okon. De kezdj\u00fck az elej\u00e9n. A <a href=\"http:\/\/magnoliak.hu\">Magn\u00f3li\u00e1k M\u0171helye<\/a> szervez\u0151ivel dugtuk \u00f6ssze a fej\u00fcnket \u00e9s tal\u00e1ltuk ki ezeknek a workshopoknak a tematik\u00e1j\u00e1t. \u0150k m\u00e1r profik a szervez\u00e9sben, de \u00e9n nagyon izgultam. M\u00e9g sosem csin\u00e1ltam ilyet. Otthon megcsin\u00e1lni egy-egy darabot, az ok\u00e9. De hogyan fogom ezt m\u00e1soknak is megmutatni? R\u00e1ad\u00e1sul nem vagyok k\u00e9pzett k\u00e1rpitos, jajajaj!\u00a0 Sz\u00f3val teletojt gatya megvolt :) K\u00e9sz\u00fcltem, jegyzeteket \u00e9s elm\u00e9leti anyagot \u00edrtam, felv\u00e1zoltam magamban a l\u00e9p\u00e9seket \u00e9s fog\u00e1sokat, amit majd megmutatok a jelentkez\u0151knek. A workshop l\u00e9nyege, hogy \u00e9n elmagyar\u00e1zom, megmutatom, de a r\u00e9sztvev\u0151 k\u00e9sz\u00edti el a saj\u00e1t fotelj\u00e9t a-t\u00f3l cet-tig. Azt\u00e1n elj\u00f6tt az els\u0151 janu\u00e1ri alkalom... Helysz\u00edn az <a href=\"http:\/\/articsokastudio.hu\/fooldal.html\">Artics\u00f3ka St\u00fadi\u00f3<\/a>. Igazi m\u0171v\u00e9szeti kuck\u00f3. A h\u00e1tteret festm\u00e9nyek, v\u00e1zlatok \u00e9s rajzok tett\u00e9k autentikuss\u00e1.\u00a0<\/p>\r\n<p><a href=\"https:\/\/jobbmintvolt.cafeblog.hu\/files\/2016\/02\/workshop-1-kezd\u00e9s.jpg\"><img class=\"aligncenter size-large wp-image-973\" src=\"https:\/\/jobbmintvolt.cafeblog.hu\/files\/2016\/02\/workshop-1-kezd\u00e9s-600x450.jpg\" alt=\"workshop 1 kezd\u00e9s\" width=\"600\" height=\"450\" \/><\/a><\/p>\r\n<p>Most febru\u00e1rban pedig a <a href=\"http:\/\/nemiskacat.hu\/megnyilt-nemiskacat-latvanymuhely\/\">Nemiskacat L\u00e1tv\u00e1nym\u0171hely<\/a> adott otthont nek\u00fcnk. Nagyon v\u00e1rtam ezt is, k\u00edv\u00e1ncsi voltam a helyre, \u00e9s Enik\u0151re, aki meg\u00e1lmodta. Nem csal\u00f3dtam, egy var\u00e1zslatos m\u0171helyt hozott l\u00e9tre. \u00c9s \u0151 maga is elb\u0171v\u00f6l\u0151 szem\u00e9lyis\u00e9g. Mindk\u00e9t helysz\u00edn alkot\u00e1sra serkenti a bel\u00e9p\u0151t.<\/p>\r\n<p><a href=\"https:\/\/jobbmintvolt.cafeblog.hu\/files\/2016\/02\/workshop-2-helysz\u00edn.jpg\"><img class=\"aligncenter size-large wp-image-980\" src=\"https:\/\/jobbmintvolt.cafeblog.hu\/files\/2016\/02\/workshop-2-helysz\u00edn-600x450.jpg\" alt=\"workshop 2 helysz\u00edn\" width=\"600\" height=\"450\" \/><\/a><\/p>\r\n<p><a href=\"https:\/\/jobbmintvolt.cafeblog.hu\/files\/2016\/02\/workshop-2-helysz\u00edn-2.jpg\"><img class=\"aligncenter size-large wp-image-981\" src=\"https:\/\/jobbmintvolt.cafeblog.hu\/files\/2016\/02\/workshop-2-helysz\u00edn-2-450x600.jpg\" alt=\"workshop 2 helysz\u00edn 2\" width=\"450\" height=\"600\" \/><\/a><\/p>\r\n<p>Sajnos az els\u0151 alkalommal alig fot\u00f3ztam, ez\u00e9rt f\u0151k\u00e9nt a febru\u00e1ri workshop fot\u00f3it l\u00e1thatj\u00e1tok majd itt. Az el\u0151k\u00e9sz\u00fcletekhez persze hozz\u00e1tartozott az eszk\u00f6z\u00f6k beszerz\u00e9se, fotelok v\u00e1s\u00e1rl\u00e1sa. Szerintem, az ut\u00f3bbi h\u00f3napokban mi lett\u00fcnk a legnagyobb retro fotel felv\u00e1s\u00e1rl\u00f3k a haszn\u00e1lt piacon :) Persze saj\u00e1t fotelt is hozhatott, aki akart, de adhattunk is gyakorolnival\u00f3t, ha valakinek nem volt otthon elfekv\u0151ben. Sz\u00f3val a helysz\u00ednek ide\u00e1lisak, fotel volt: mehetett a munka. Azaz el\u0151bb mindent be kellett zs\u00fafolnunk a kocsiba. Szivacsok, fotelek \u00e9s szersz\u00e1mok t\u00f6lt\u00f6ttek meg minden centim\u00e9tert. Hi\u00e1ba, a k\u00e1rpitoz\u00e1s eszk\u00f6zig\u00e9nyes elfoglalts\u00e1g. Otthon n\u00e9ha pont \u00edgy n\u00e9z ki a hobbiszob\u00e1m is :)\u00a0<\/p>\r\n<p><a href=\"https:\/\/jobbmintvolt.cafeblog.hu\/files\/2016\/02\/workshop-2-indul\u00e1s.jpg\"><img class=\"aligncenter size-large wp-image-985\" src=\"https:\/\/jobbmintvolt.cafeblog.hu\/files\/2016\/02\/workshop-2-indul\u00e1s-450x600.jpg\" alt=\"workshop 2 indul\u00e1s\" width=\"450\" height=\"600\" \/><\/a><\/p>\r\n<p>Kipakol\u00e1s, rendezget\u00e9s \u00e9s m\u00e1ris j\u00f6hettek a r\u00e9sztvev\u0151k.<\/p>\r\n<p><a href=\"https:\/\/jobbmintvolt.cafeblog.hu\/files\/2016\/02\/workshop-2-alapanyag.jpg\"><img class=\"aligncenter size-large wp-image-976\" src=\"https:\/\/jobbmintvolt.cafeblog.hu\/files\/2016\/02\/workshop-2-alapanyag-450x600.jpg\" alt=\"workshop 2 alapanyag\" width=\"450\" height=\"600\" \/><\/a><\/p>\r\n<p>Enni \u00e9s innival\u00f3 is duk\u00e1l ehhez a munk\u00e1hoz. Kacsatepert\u0151 medvehagym\u00e1val?! Hmmm?!<\/p>\r\n<p><a href=\"https:\/\/jobbmintvolt.cafeblog.hu\/files\/2016\/02\/workshop-2-nasi.jpg\"><img class=\"aligncenter size-large wp-image-1008\" src=\"https:\/\/jobbmintvolt.cafeblog.hu\/files\/2016\/02\/workshop-2-nasi-450x600.jpg\" alt=\"workshop 2 nasi\" width=\"450\" height=\"600\" \/><\/a><\/p>\r\n<p>Az id\u0151nk r\u00f6vidre volt szabva, ez\u00e9rt gyorsan a lovak k\u00f6z\u00e9 csaptunk. Bont\u00e1s, ez elker\u00fclhetetlen r\u00e9sze a munk\u00e1nak, \u00fagyhogy miut\u00e1n m\u00e1r minden szersz\u00e1mnak tudtuk a nev\u00e9t \u00e9s hogyan kell haszn\u00e1lni, ezt a gyakorlat k\u00f6vethette. Szegek \u00e9s kapcsok ezersz\u00e1mra.<\/p>\r\n<p><a href=\"https:\/\/jobbmintvolt.cafeblog.hu\/files\/2016\/02\/workshop-2-bont\u00e1s-2.jpg\"><img class=\"aligncenter size-large wp-image-978\" src=\"https:\/\/jobbmintvolt.cafeblog.hu\/files\/2016\/02\/workshop-2-bont\u00e1s-2-450x600.jpg\" alt=\"workshop 2 bont\u00e1s 2\" width=\"450\" height=\"600\" \/><\/a><\/p>\r\n<p><a href=\"https:\/\/jobbmintvolt.cafeblog.hu\/files\/2016\/02\/workshop-2-bont\u00e1s.jpg\"><img class=\"aligncenter size-large wp-image-977\" src=\"https:\/\/jobbmintvolt.cafeblog.hu\/files\/2016\/02\/workshop-2-bont\u00e1s-450x600.jpg\" alt=\"workshop 2 bont\u00e1s\" width=\"450\" height=\"600\" \/><\/a><\/p>\r\n<p><a href=\"https:\/\/jobbmintvolt.cafeblog.hu\/files\/2016\/02\/workshop-1-gy\u0171jtem\u00e9ny.jpg\"><img class=\"aligncenter size-large wp-image-972\" src=\"https:\/\/jobbmintvolt.cafeblog.hu\/files\/2016\/02\/workshop-1-gy\u0171jtem\u00e9ny-600x450.jpg\" alt=\"workshop 1 gy\u0171jtem\u00e9ny\" width=\"600\" height=\"450\" \/><\/a><\/p>\r\n<p><a href=\"https:\/\/jobbmintvolt.cafeblog.hu\/files\/2016\/02\/workshop-1-bont\u00e1s.jpg\"><img class=\"aligncenter size-large wp-image-969\" src=\"https:\/\/jobbmintvolt.cafeblog.hu\/files\/2016\/02\/workshop-1-bont\u00e1s-600x450.jpg\" alt=\"workshop 1 bont\u00e1s\" width=\"600\" height=\"450\" \/><\/a><\/p>\r\n<p><a href=\"https:\/\/jobbmintvolt.cafeblog.hu\/files\/2016\/02\/workshop-1-bont\u00e1s-2.jpg\"><img class=\"aligncenter size-large wp-image-970\" src=\"https:\/\/jobbmintvolt.cafeblog.hu\/files\/2016\/02\/workshop-1-bont\u00e1s-2-600x450.jpg\" alt=\"workshop 1 bont\u00e1s 2\" width=\"600\" height=\"450\" \/><\/a><\/p>\r\n<p>Miut\u00e1n sz\u00e9tszedt\u00fck, elkezd\u0151dhetett a fel\u00e9p\u00edt\u00e9s. Mindenki maga rakta fel a hevedereket, v\u00e1sznakat \u00e9s szivacsokat. Szab\u00e1s, m\u00e9retez\u00e9s \u00e9s praktik\u00e1k. Ez m\u00e1r nem rombol\u00e1s, hanem \u00e9p\u00edtkez\u00e9s a jav\u00e1b\u00f3l. Annyira \u00fcgyesen dolgozott mindenki, hogy le a kalappal! Itt m\u00e1r kezdtem megnyugodni, hogy menni fog ez. A c\u00e9lom az volt, hogy mindenki be tudja fejezni a fotelj\u00e9t, legyen siker\u00e9lm\u00e9nye, l\u00e1ssa a k\u00e9sz m\u0171vet, amit \u0151 hozott l\u00e9tre. Siker\u00fclt teljesen lehiggadnom, mire befejezt\u00fck az els\u0151 napot. A workshop ugyanis 2 x 6 \u00f3r\u00e1s (k\u00e9t egym\u00e1st k\u00f6vet\u0151 szombaton) elfoglalts\u00e1g, nem lehet ezt egyszerre lenyomni. \u00c9n is \u00e9s a t\u00f6bbiek is elf\u00e1radtunk. \u00c9n ment\u00e1lisan is.<\/p>\r\n<p><a href=\"https:\/\/jobbmintvolt.cafeblog.hu\/files\/2016\/02\/workshop-2-hevederez\u00e9s-2.jpg\"><img class=\"aligncenter size-large wp-image-983\" src=\"https:\/\/jobbmintvolt.cafeblog.hu\/files\/2016\/02\/workshop-2-hevederez\u00e9s-2-600x416.jpg\" alt=\"workshop 2 hevederez\u00e9s 2\" width=\"600\" height=\"416\" \/><\/a><\/p>\r\n<p><a href=\"https:\/\/jobbmintvolt.cafeblog.hu\/files\/2016\/02\/workshop-2-hevederez\u00e9s-3.jpg\"><img class=\"aligncenter size-large wp-image-984\" src=\"https:\/\/jobbmintvolt.cafeblog.hu\/files\/2016\/02\/workshop-2-hevederez\u00e9s-3-450x600.jpg\" alt=\"workshop 2 hevederez\u00e9s 3\" width=\"450\" height=\"600\" \/><\/a><\/p>\r\n<p><a href=\"https:\/\/jobbmintvolt.cafeblog.hu\/files\/2016\/02\/workshop-2-hevederez\u00e9s.jpg\"><img class=\"aligncenter size-large wp-image-982\" src=\"https:\/\/jobbmintvolt.cafeblog.hu\/files\/2016\/02\/workshop-2-hevederez\u00e9s-450x600.jpg\" alt=\"workshop 2 hevederez\u00e9s\" width=\"450\" height=\"600\" \/><\/a><\/p>\r\n<p><a href=\"https:\/\/jobbmintvolt.cafeblog.hu\/files\/2016\/02\/workshop-2-szivacs.jpg\"><img class=\"aligncenter size-large wp-image-1000\" src=\"https:\/\/jobbmintvolt.cafeblog.hu\/files\/2016\/02\/workshop-2-szivacs-450x600.jpg\" alt=\"workshop 2 szivacs\" width=\"450\" height=\"600\" \/><\/a><\/p>\r\n<p><a href=\"https:\/\/jobbmintvolt.cafeblog.hu\/files\/2016\/02\/workshop-2-vlies.jpg\"><img class=\"aligncenter size-large wp-image-974\" src=\"https:\/\/jobbmintvolt.cafeblog.hu\/files\/2016\/02\/workshop-2-vlies-450x600.jpg\" alt=\"workshop 2 vlies\" width=\"450\" height=\"600\" \/><\/a><\/p>\r\n<p>Eddig jutottunk els\u0151 nap.<a href=\"https:\/\/jobbmintvolt.cafeblog.hu\/files\/2016\/02\/workshop-2-1-r\u00e9sz-v\u00e9ge.jpg\"><img class=\"aligncenter size-large wp-image-975\" src=\"https:\/\/jobbmintvolt.cafeblog.hu\/files\/2016\/02\/workshop-2-1-r\u00e9sz-v\u00e9ge-450x600.jpg\" alt=\"workshop 2 1 r\u00e9sz v\u00e9ge\" width=\"450\" height=\"600\" \/><\/a><\/p>\r\n<p>A m\u00e1sodik f\u00e9lid\u0151ben v\u00e1rt mindenkire a befejez\u00e9s. Sz\u00f3val egy h\u00e9t m\u00falva \u00fajra tal\u00e1lkoztunk, addigra mindenki hozhatta a kiv\u00e1lasztott textilt is, amit majd felrak a b\u00fator\u00e1ra. A fotelek sorban kezdtek \u00e1talakulni, egyik r\u00e9szlet a m\u00e1sik ut\u00e1n ker\u00fclt a hely\u00e9re. A k\u00e1rpitok illeszt\u00e9se, a sz\u00fcks\u00e9ges bev\u00e1g\u00e1sok \u00e9s \u00e9lek kialak\u00edt\u00e1sa a legizgalmasabb, \u00e9s szerintem a legnehezebb r\u00e9sze. Hiszen itt nem szabad t\u00falv\u00e1gni, rosszul illeszteni a darabokat.<\/p>\r\n<p><a href=\"https:\/\/jobbmintvolt.cafeblog.hu\/files\/2016\/02\/workshop-2-t\u00e1ml\u00e1k.jpg\"><img class=\"aligncenter size-large wp-image-1001\" src=\"https:\/\/jobbmintvolt.cafeblog.hu\/files\/2016\/02\/workshop-2-t\u00e1ml\u00e1k-450x600.jpg\" alt=\"workshop 2 t\u00e1ml\u00e1k\" width=\"450\" height=\"600\" \/><\/a><\/p>\r\n<p><a href=\"https:\/\/jobbmintvolt.cafeblog.hu\/files\/2016\/02\/workshop-2-t\u00e1ml\u00e1k-2.jpg\"><img class=\"aligncenter size-large wp-image-1002\" src=\"https:\/\/jobbmintvolt.cafeblog.hu\/files\/2016\/02\/workshop-2-t\u00e1ml\u00e1k-2-450x600.jpg\" alt=\"workshop 2 t\u00e1ml\u00e1k 2\" width=\"450\" height=\"600\" \/><\/a><\/p>\r\n<p><a href=\"https:\/\/jobbmintvolt.cafeblog.hu\/files\/2016\/02\/workshop-2-t\u00e1ml\u00e1k-3.jpg\"><img class=\"aligncenter size-large wp-image-1003\" src=\"https:\/\/jobbmintvolt.cafeblog.hu\/files\/2016\/02\/workshop-2-t\u00e1ml\u00e1k-3-450x600.jpg\" alt=\"workshop 2 t\u00e1ml\u00e1k 3\" width=\"450\" height=\"600\" \/><\/a><\/p>\r\n<p><a href=\"https:\/\/jobbmintvolt.cafeblog.hu\/files\/2016\/02\/workshop-2-sarkok-alakulnak.jpg\"><img class=\"aligncenter size-large wp-image-997\" src=\"https:\/\/jobbmintvolt.cafeblog.hu\/files\/2016\/02\/workshop-2-sarkok-alakulnak-450x600.jpg\" alt=\"workshop 2 sarkok alakulnak\" width=\"450\" height=\"600\" \/><\/a><\/p>\r\n<p><a href=\"https:\/\/jobbmintvolt.cafeblog.hu\/files\/2016\/02\/workshop-2-stekik.jpg\"><img class=\"aligncenter size-large wp-image-998\" src=\"https:\/\/jobbmintvolt.cafeblog.hu\/files\/2016\/02\/workshop-2-stekik-450x600.jpg\" alt=\"workshop 2 stekik\" width=\"450\" height=\"600\" \/><\/a><\/p>\r\n<p><a href=\"https:\/\/jobbmintvolt.cafeblog.hu\/files\/2016\/02\/workshop-2-sarkok.jpg\"><img class=\"aligncenter size-large wp-image-996\" src=\"https:\/\/jobbmintvolt.cafeblog.hu\/files\/2016\/02\/workshop-2-sarkok-450x600.jpg\" alt=\"workshop 2 sarkok\" width=\"450\" height=\"600\" \/><\/a><\/p>\r\n<p>H\u00e1t nem gy\u00f6ny\u00f6r\u0171 :) A helysz\u00edn is, \u00e9s ahogy dolgoznak :) \u00c9n pedig \u00e1llok egy sz\u00e9k tetej\u00e9n \u00e9s fot\u00f3zok :) De \u00e9n is dolgoztam \u00e1m.<a href=\"https:\/\/jobbmintvolt.cafeblog.hu\/files\/2016\/02\/workshop-2-dolgoznak.jpg\"><img class=\"aligncenter size-large wp-image-979\" src=\"https:\/\/jobbmintvolt.cafeblog.hu\/files\/2016\/02\/workshop-2-dolgoznak-450x600.jpg\" alt=\"workshop 2 dolgoznak\" width=\"450\" height=\"600\" \/><\/a><\/p>\r\n<p>Igyekeztem mindenkihez \u00fajra \u00e9s \u00fajra odamenni, elmondani, megmutatni \u00e9s b\u00e1tor\u00edtani. Mire a varr\u00e1s r\u00e9sz\u00e9hez \u00e9rt\u00fcnk persze leszakadt a l\u00e1bam. Lehetett varrni vagy szegelni a sz\u00fcks\u00e9ges r\u00e9szeket, mindenki maga v\u00e1laszthatta a befejez\u0151 l\u00e9p\u00e9seket.<\/p>\r\n<p><a href=\"https:\/\/jobbmintvolt.cafeblog.hu\/files\/2016\/02\/workshop-2-szegel\u00e9s.jpg\"><img class=\"aligncenter size-large wp-image-999\" src=\"https:\/\/jobbmintvolt.cafeblog.hu\/files\/2016\/02\/workshop-2-szegel\u00e9s-450x600.jpg\" alt=\"workshop 2 szegel\u00e9s\" width=\"450\" height=\"600\" \/><\/a><\/p>\r\n<p><a href=\"https:\/\/jobbmintvolt.cafeblog.hu\/files\/2016\/02\/workshop-2-varr\u00e1s.jpg\"><img class=\"aligncenter size-large wp-image-1004\" src=\"https:\/\/jobbmintvolt.cafeblog.hu\/files\/2016\/02\/workshop-2-varr\u00e1s-450x600.jpg\" alt=\"workshop 2 varr\u00e1s\" width=\"450\" height=\"600\" \/><\/a><\/p>\r\n<p>12 \u00f3ra megfesz\u00edtett tanul\u00e1s \u00e9s munka ut\u00e1n elk\u00e9sz\u00fcltek a fotelek! Dics\u0151s\u00e9g! Amellett, hogy dolgoztunk, a hangulat is nagyon j\u00f3 lett. Volt besz\u00e9lget\u00e9s, ismerked\u00e9s, vihog\u00e1s is ezerrel. Ezt a v\u00e9gs\u0151 pillanatot v\u00e1rtam, ezzel val\u00f3sz\u00edn\u0171leg nem voltam egyed\u00fcl. \u00c9s im\u00e1dtam, mert r\u00e1j\u00f6ttem, hogy minden darab profin n\u00e9z ki, meg nem mondan\u00e1d r\u00f3luk, hogy els\u0151 munk\u00e1k. De a t\u00f6bbiek arc\u00e1n is l\u00e1ttam az el\u00e9gedetts\u00e9get, ami bennem feltette a pontot az i-re. Igen, ez\u00e9rt \u00e9rdemes volt. Szeretem a workshopokat :)<\/p>\r\n<p><a href=\"https:\/\/jobbmintvolt.cafeblog.hu\/files\/2016\/02\/workshop-1-elk\u00e9sz\u00fclt-darab-Timi.jpg\"><img class=\"aligncenter size-large wp-image-971\" src=\"https:\/\/jobbmintvolt.cafeblog.hu\/files\/2016\/02\/workshop-1-elk\u00e9sz\u00fclt-darab-Timi-354x600.jpg\" alt=\"workshop 1 elk\u00e9sz\u00fclt darab Timi\" width=\"354\" height=\"600\" \/><\/a><\/p>\r\n<p><a href=\"https:\/\/jobbmintvolt.cafeblog.hu\/files\/2016\/02\/workshop-1-k\u00e9sz-darab-G\u00e1bor.jpg\"><img class=\"aligncenter size-large wp-image-968\" src=\"https:\/\/jobbmintvolt.cafeblog.hu\/files\/2016\/02\/workshop-1-k\u00e9sz-darab-G\u00e1bor-450x600.jpg\" alt=\"workshop 1 k\u00e9sz darab G\u00e1bor\" width=\"450\" height=\"600\" \/><\/a><\/p>\r\n<p><a href=\"https:\/\/jobbmintvolt.cafeblog.hu\/files\/2016\/02\/workshop-2-k\u00e9sz-m\u0171vek.jpg\"><img class=\"aligncenter size-large wp-image-986\" src=\"https:\/\/jobbmintvolt.cafeblog.hu\/files\/2016\/02\/workshop-2-k\u00e9sz-m\u0171vek-450x600.jpg\" alt=\"workshop 2 k\u00e9sz m\u0171vek\" width=\"450\" height=\"600\" \/><\/a><\/p>\r\n<p><a href=\"https:\/\/jobbmintvolt.cafeblog.hu\/files\/2016\/02\/workshop-2-k\u00e9sz-m\u0171vek-2.jpg\"><img class=\"aligncenter size-large wp-image-987\" src=\"https:\/\/jobbmintvolt.cafeblog.hu\/files\/2016\/02\/workshop-2-k\u00e9sz-m\u0171vek-2-450x600.jpg\" alt=\"workshop 2 k\u00e9sz m\u0171vek 2\" width=\"450\" height=\"600\" \/><\/a><\/p>\r\n<p><a href=\"https:\/\/jobbmintvolt.cafeblog.hu\/files\/2016\/02\/workshop-2-k\u00e9sz-m\u0171vek-3.jpg\"><img class=\"aligncenter size-large wp-image-988\" src=\"https:\/\/jobbmintvolt.cafeblog.hu\/files\/2016\/02\/workshop-2-k\u00e9sz-m\u0171vek-3-450x600.jpg\" alt=\"workshop 2 k\u00e9sz m\u0171vek 3\" width=\"450\" height=\"600\" \/><\/a><\/p>\r\n<p><a href=\"https:\/\/jobbmintvolt.cafeblog.hu\/files\/2016\/02\/workshop-2-k\u00e9sz-m\u0171vek-6.jpg\"><img class=\"aligncenter size-large wp-image-991\" src=\"https:\/\/jobbmintvolt.cafeblog.hu\/files\/2016\/02\/workshop-2-k\u00e9sz-m\u0171vek-6-450x600.jpg\" alt=\"workshop 2 k\u00e9sz m\u0171vek 6\" width=\"450\" height=\"600\" \/><\/a><\/p>\r\n<p><a href=\"https:\/\/jobbmintvolt.cafeblog.hu\/files\/2016\/02\/workshop-2-k\u00e9sz-m\u0171vek-5.jpg\"><img class=\"aligncenter size-large wp-image-990\" src=\"https:\/\/jobbmintvolt.cafeblog.hu\/files\/2016\/02\/workshop-2-k\u00e9sz-m\u0171vek-5-450x600.jpg\" alt=\"workshop 2 k\u00e9sz m\u0171vek 5\" width=\"450\" height=\"600\" \/><\/a><\/p>\r\n<p><a href=\"https:\/\/jobbmintvolt.cafeblog.hu\/files\/2016\/02\/workshop-2-k\u00e9sz-m\u0171vek-4.jpg\"><img class=\"aligncenter size-large wp-image-989\" src=\"https:\/\/jobbmintvolt.cafeblog.hu\/files\/2016\/02\/workshop-2-k\u00e9sz-m\u0171vek-4-450x600.jpg\" alt=\"workshop 2 k\u00e9sz m\u0171vek 4\" width=\"450\" height=\"600\" \/><\/a><\/p>\r\n<p><a href=\"https:\/\/jobbmintvolt.cafeblog.hu\/files\/2016\/02\/workshop-2-k\u00e9sz-m\u0171vek-8.jpg\"><img class=\"aligncenter size-large wp-image-993\" src=\"https:\/\/jobbmintvolt.cafeblog.hu\/files\/2016\/02\/workshop-2-k\u00e9sz-m\u0171vek-8-450x600.jpg\" alt=\"workshop 2 k\u00e9sz m\u0171vek 8\" width=\"450\" height=\"600\" \/><\/a><\/p>\r\n<p><a href=\"https:\/\/jobbmintvolt.cafeblog.hu\/files\/2016\/02\/workshop-2-k\u00e9sz-m\u0171vek-7.jpg\"><img class=\"aligncenter size-large wp-image-992\" src=\"https:\/\/jobbmintvolt.cafeblog.hu\/files\/2016\/02\/workshop-2-k\u00e9sz-m\u0171vek-7-450x600.jpg\" alt=\"workshop 2 k\u00e9sz m\u0171vek 7\" width=\"450\" height=\"600\" \/><\/a><\/p>\r\n<p><a href=\"https:\/\/jobbmintvolt.cafeblog.hu\/files\/2016\/02\/workshop-2-k\u00e9sz-m\u0171vek-9.jpg\"><img class=\"aligncenter size-large wp-image-994\" src=\"https:\/\/jobbmintvolt.cafeblog.hu\/files\/2016\/02\/workshop-2-k\u00e9sz-m\u0171vek-9-450x600.jpg\" alt=\"workshop 2 k\u00e9sz m\u0171vek 9\" width=\"450\" height=\"600\" \/><\/a><\/p>\r\n<p><a href=\"https:\/\/jobbmintvolt.cafeblog.hu\/files\/2016\/02\/workshop-2-k\u00e9sz-m\u0171vek-10.jpg\"><img class=\"aligncenter size-large wp-image-995\" src=\"https:\/\/jobbmintvolt.cafeblog.hu\/files\/2016\/02\/workshop-2-k\u00e9sz-m\u0171vek-10-450x600.jpg\" alt=\"workshop 2 k\u00e9sz m\u0171vek 10\" width=\"450\" height=\"600\" \/><\/a><\/p>\r\n<p>Amit meg m\u00e9g jobban szeretek, amikor a r\u00e9sztvev\u0151k otthon is neki mernek \u00e1llni. Van is m\u00e1r egy fot\u00f3m, amit az egyik l\u00e1ny k\u00fcld\u00f6tt, otthon m\u00e1r \u00e1th\u00fazta a hever\u0151t is :) Mellette a fotel, amit a workshopon k\u00e9sz\u00edtett el. Nagyon j\u00f3 lett!<\/p>\r\n<p><a href=\"https:\/\/jobbmintvolt.cafeblog.hu\/files\/2016\/02\/worhshop-1-k\u00e9sz-darab-Kriszti.jpg\"><img class=\"aligncenter size-large wp-image-967\" src=\"https:\/\/jobbmintvolt.cafeblog.hu\/files\/2016\/02\/worhshop-1-k\u00e9sz-darab-Kriszti-600x600.jpg\" alt=\"worhshop 1 k\u00e9sz darab Kriszti\" width=\"600\" height=\"600\" \/><\/a>Na ez a kir\u00e1ly, mert szerintem egy ilyen pont ezt adja. A b\u00e1tors\u00e1got, hogy meg lehet csin\u00e1lni! V\u00e9g\u00fclis, nem \u0171rhaj\u00f3t kell \u00e9p\u00edteni, nemigaz? Teh\u00e1t, Kedves Olvas\u00f3, ha te is szeretn\u00e9d megtanulni az alapokat, ne hezit\u00e1lj! <a href=\"http:\/\/magnoliak.hu\">Itt az el\u00e9rhet\u0151s\u00e9g<\/a>, ahol az inform\u00e1ci\u00f3kat \u00e9s r\u00e9szleteket megtudhatod a k\u00f6vetkez\u0151 id\u0151pontr\u00f3l! \u00c9n biztos ott leszek :)<\/p>","type":"rich","thumbnail_url":"https:\/\/jobbmintvolt.cafeblog.hu\/files\/2016\/02\/workshop-besz\u00e1mol\u00f3-150x150.jpg","thumbnail_width":150,"thumbnail_height":150}