{"version":"1.0","provider_name":"Jobb mint volt","provider_url":"https:\/\/jobbmintvolt.cafeblog.hu","author_name":"Ujh\u00e1zi Ildik\u00f3","author_url":"https:\/\/jobbmintvolt.cafeblog.hu\/author\/ujhazi_ildiko\/","title":"Eleg\u00e1ns szekreter","html":"<p>Valahogy a m\u00falt \u00e9vben sz\u00edvesen k\u00e9sz\u00edtettem sz\u00fcrke-feh\u00e9r kombin\u00e1ci\u00f3kat ( csak gondoljatok a <a href=\"https:\/\/jobbmintvolt.cafeblog.hu\/2016\/01\/02\/festett-bonanza-talalo-2015-kedvence\/\">t\u00e1lal\u00f3ra<\/a> vagy az <a href=\"https:\/\/jobbmintvolt.cafeblog.hu\/2015\/12\/08\/egyszeru-nagyszeru\/\">\u00e1tk\u00e1rpitozott sz\u00e9kemre<\/a>), de ez csak ut\u00f3lag t\u0171nt fel nekem. M\u00e9g valamikor okt\u00f3berben vettem egy bonanza szekretert, amin\u00e9l szint\u00e9n ezeket a sz\u00edneket haszn\u00e1ltam. Eredetileg, szerettem volna a fi\u00f3kok frontj\u00e1ra stencilezett mint\u00e1t, k\u00e9sz\u00edtettem is hozz\u00e1 sablont. Ez volt a terv, kiv\u00e1lasztottam a sz\u00edneket \u00e9s uccu, nekiugrottam a mel\u00f3nak.<\/p>\r\n<p><a href=\"https:\/\/jobbmintvolt.cafeblog.hu\/files\/2016\/01\/bonanza-szekreter-eleg\u00e1nsan.jpg\"><img class=\"aligncenter size-large wp-image-614\" src=\"https:\/\/jobbmintvolt.cafeblog.hu\/files\/2016\/01\/bonanza-szekreter-eleg\u00e1nsan-450x600.jpg\" alt=\"bonanza szekreter eleg\u00e1nsan\" width=\"450\" height=\"600\" \/><\/a><\/p>\r\n<p>Azzal kezdtem, hogy leszereltem r\u00f3la mindent amit tudtam , \u00e9s kitapaszoztam a foganty\u00fak helyeit. A klasszikus bonanz\u00e1s foganty\u00fakat mindenk\u00e9pp lecser\u00e9l\u00e9sre \u00edt\u00e9ltem, \u00e9s az \u00faj fi\u00f3kgomboknak csak egy lyukra volt sz\u00fcks\u00e9g\u00fck.<\/p>\r\n<p><a href=\"https:\/\/jobbmintvolt.cafeblog.hu\/files\/2016\/01\/P6280085.jpg\"><img class=\"aligncenter wp-image-643 size-large\" src=\"https:\/\/jobbmintvolt.cafeblog.hu\/files\/2016\/01\/P6280085-450x600.jpg\" alt=\"bonanza szekreter el\u0151tte\" width=\"450\" height=\"600\" \/><\/a><\/p>\r\n<p>Miut\u00e1n a glett megsz\u00e1radt, kif\u00fartam az \u00faj foganty\u00fak hely\u00e9t, majd lecsiszoltam a fi\u00f3kokat \u00e9s az eg\u00e9sz b\u00fatortestet. Csiszol\u00e1s, zs\u00edrtalan\u00edt\u00e1s \u00e9s alapoz\u00e1s, a szenth\u00e1roms\u00e1g sz\u00e1momra, \u00fagyhogy ezeket sz\u00e9pen sorj\u00e1ban elv\u00e9geztem. Alapoz\u00e1sra Harzo T16-ot haszn\u00e1lok, ami az egyik kedvencem. J\u00f3l kenhet\u0151, gyorsan sz\u00e1rad \u00e9s van valami meszes \u00e1llaga \u00e9s szaga, amit k\u00fcl\u00f6n kedvelek. Perverz, nem?<\/p>\r\n<p><a href=\"https:\/\/jobbmintvolt.cafeblog.hu\/files\/2016\/01\/szekreter-fi\u00f3kok-alapozva.jpg\"><img class=\"aligncenter size-large wp-image-638\" src=\"https:\/\/jobbmintvolt.cafeblog.hu\/files\/2016\/01\/szekreter-fi\u00f3kok-alapozva-450x600.jpg\" alt=\"bonanza szekreter fi\u00f3kok alapozva\" width=\"450\" height=\"600\" \/><\/a><\/p>\r\n<p>Alapoz\u00e1s ut\u00e1n j\u00f6hetett a zom\u00e1nc. Mindenki m\u00e1sra esk\u00fcszik, de nekem nagyon bev\u00e1lt az OBI saj\u00e1tm\u00e1rk\u00e1s 2 in 1 zom\u00e1ncfest\u00e9ke. Biztos ennek egyik oka, hogy k\u00f6nnyen beszerezhet\u0151 sz\u00e1momra, hiszen az \u00fczlet csak 5 perce van t\u0151lem :) Az \u00e1ra is emberi, \u00e9s nagyon sok sz\u00ednben kaphat\u00f3, ha valakinek nincs kedve sz\u00ednkever\u00e9ssel bajl\u00f3dni. S\u0171r\u0171, \u00e9s (szerintem) j\u00f3 fed\u0151k\u00e9pess\u00e9g\u0171, nem utols\u00f3 sorban pedig: vizes b\u00e1zis\u00fa. Ehhez a szekreterhez ez\u00fcstsz\u00fcrk\u00e9t \u00e9s kr\u00e9mfeh\u00e9ret haszn\u00e1ltam, amit ecsettel (a sarkokn\u00e1l pl.) \u00e9s hengerrel vittem fel. Le is fot\u00f3ztam, milyen sz\u00e9p egyenletes fel\u00fcletet lehet el\u00e9rni hengerel\u00e9ssel. Sehol egy ecsetnyom, vagy bubor\u00e9k :)<\/p>\r\n<p><a href=\"https:\/\/jobbmintvolt.cafeblog.hu\/files\/2016\/01\/szkreter-fest\u00e9s-k\u00f6zben.jpg\"><img class=\"aligncenter wp-image-629 size-large\" src=\"https:\/\/jobbmintvolt.cafeblog.hu\/files\/2016\/01\/szkreter-fest\u00e9s-k\u00f6zben-450x600.jpg\" alt=\"bonanza szekreter fest\u00e9s k\u00f6zben\" width=\"450\" height=\"600\" \/><\/a><\/p>\r\n<p><a href=\"https:\/\/jobbmintvolt.cafeblog.hu\/files\/2016\/01\/szekreter-fi\u00f3kok-cs\u00edkoz\u00e1s-el\u0151tt.jpg\"><img class=\"aligncenter wp-image-640 size-large\" src=\"https:\/\/jobbmintvolt.cafeblog.hu\/files\/2016\/01\/szekreter-fi\u00f3kok-cs\u00edkoz\u00e1s-el\u0151tt-450x600.jpg\" alt=\"bonanza szekreter fi\u00f3kok cs\u00edkoz\u00e1s el\u0151tt\" width=\"450\" height=\"600\" \/><\/a><\/p>\r\n<p><a href=\"https:\/\/jobbmintvolt.cafeblog.hu\/files\/2016\/01\/szekreter-fest\u00e9s-fel\u00fclet.jpg\"><img class=\"aligncenter wp-image-636 size-large\" src=\"https:\/\/jobbmintvolt.cafeblog.hu\/files\/2016\/01\/szekreter-fest\u00e9s-fel\u00fclet-600x450.jpg\" alt=\"bonanza szekreter fest\u00e9s fel\u00fclet\" width=\"600\" height=\"450\" \/><\/a><\/p>\r\n<p>A szekreter \u00f6sszesen 3 r\u00e9teg fest\u00e9ket kapott, az \u00edr\u00f3lapj\u00e1t m\u00e9g \u00e1t is lakkoztam, hiszen ott er\u0151teljes haszn\u00e1lat \u00e9rheti. A fi\u00f3kok oldalain, az alapsz\u00edn felfest\u00e9se ut\u00e1n, maszkol\u00f3 szalaggal kijel\u00f6ltem a cs\u00edkokat \u00e9s lehengereltem a sz\u00fcrk\u00e9vel. Maszkol\u00e1sn\u00e1l mindig arra figyelek, hogy a szalag sz\u00e9leit j\u00f3l r\u00e1nyomjam a fel\u00fcletre, nehogy a fest\u00e9k al\u00e1menjen, \u00e9s azt\u00e1n lehet jav\u00edtgatni. Persze ett\u0151l f\u00fcggetlen\u00fcl al\u00e1megy n\u00e9ha, olyankor kis ecsettel festegetem \u00e1t, ahol kell. Ebay-en rendeltem gy\u00f6ny\u00f6r\u0171, krist\u00e1lyszer\u0171 fi\u00f3kgombokat, amiket az isten is erre a szekreterre teremtett.<\/p>\r\n<p><a href=\"https:\/\/jobbmintvolt.cafeblog.hu\/files\/2016\/01\/szekreter-fi\u00f3kok-cs\u00edkosan.jpg\"><img class=\"aligncenter wp-image-639 size-large\" src=\"https:\/\/jobbmintvolt.cafeblog.hu\/files\/2016\/01\/szekreter-fi\u00f3kok-cs\u00edkosan-450x600.jpg\" alt=\"bonanza szekreter fi\u00f3kok cs\u00edkosan\" width=\"450\" height=\"600\" \/><\/a><\/p>\r\n<p><a href=\"https:\/\/jobbmintvolt.cafeblog.hu\/files\/2016\/01\/szekreter-gombok.jpg\"><img class=\"aligncenter wp-image-641 size-large\" src=\"https:\/\/jobbmintvolt.cafeblog.hu\/files\/2016\/01\/szekreter-gombok-450x600.jpg\" alt=\"bonanza szekreter gombok\" width=\"450\" height=\"600\" \/><\/a><\/p>\r\n<p>Amint r\u00e1tettem a fi\u00f3kokra \u0151ket, \u00e9reztem, hogy k\u00e9sz. Nem kell ide stencilezett minta, nem kell elrontani, \u00edgy sz\u00e9p, ahogy van. Ez a munk\u00e1m az egyik kedvencem, egyszer\u0171s\u00e9g\u00e9vel \u00e9s eleganci\u00e1j\u00e1val teljesen leny\u0171g\u00f6z\u00f6tt. A fi\u00f3kokat szigor\u00faan tilos betolni! :)<\/p>\r\n<p>H\u00e1t nem im\u00e1dnival\u00f3?!<\/p>\r\n<p><a href=\"https:\/\/jobbmintvolt.cafeblog.hu\/files\/2016\/01\/szekreter-1.jpg\"><img class=\"aligncenter wp-image-630 size-large\" src=\"https:\/\/jobbmintvolt.cafeblog.hu\/files\/2016\/01\/szekreter-1-450x600.jpg\" alt=\"bonanza szekreter eleg\u00e1nsan 1\" width=\"450\" height=\"600\" \/><\/a><\/p>\r\n<p><a href=\"https:\/\/jobbmintvolt.cafeblog.hu\/files\/2016\/01\/szekreter-5.jpg\"><img class=\"aligncenter wp-image-634 size-large\" src=\"https:\/\/jobbmintvolt.cafeblog.hu\/files\/2016\/01\/szekreter-5-450x600.jpg\" alt=\"bonanza szekreter eleg\u00e1nsan 5\" width=\"450\" height=\"600\" \/><\/a><\/p>\r\n<p><a href=\"https:\/\/jobbmintvolt.cafeblog.hu\/files\/2016\/01\/szekreter-4.jpg\"><img class=\"aligncenter wp-image-633 size-large\" src=\"https:\/\/jobbmintvolt.cafeblog.hu\/files\/2016\/01\/szekreter-4-450x600.jpg\" alt=\"bonanza szekreter eleg\u00e1nsan 4\" width=\"450\" height=\"600\" \/><\/a><\/p>\r\n<p><a href=\"https:\/\/jobbmintvolt.cafeblog.hu\/files\/2016\/01\/szekreter-3.jpg\"><img class=\"aligncenter wp-image-632 size-large\" src=\"https:\/\/jobbmintvolt.cafeblog.hu\/files\/2016\/01\/szekreter-3-450x600.jpg\" alt=\"bonanza szekreter eleg\u00e1nsan 3\" width=\"450\" height=\"600\" \/><\/a><\/p>\r\n<p><a href=\"https:\/\/jobbmintvolt.cafeblog.hu\/files\/2016\/01\/szekreter-6.jpg\"><img class=\"aligncenter wp-image-635 size-large\" src=\"https:\/\/jobbmintvolt.cafeblog.hu\/files\/2016\/01\/szekreter-6-450x600.jpg\" alt=\"bonanza szekreter eleg\u00e1nsan 6\" width=\"450\" height=\"600\" \/><\/a><\/p>\r\n<p><a href=\"https:\/\/jobbmintvolt.cafeblog.hu\/files\/2016\/01\/szekreter-fi\u00f3kok.jpg\"><img class=\"aligncenter wp-image-637 size-large\" src=\"https:\/\/jobbmintvolt.cafeblog.hu\/files\/2016\/01\/szekreter-fi\u00f3kok-450x600.jpg\" alt=\"bonanza szekreter fi\u00f3kok\" width=\"450\" height=\"600\" \/><\/a><\/p>\r\n<p>&nbsp;<\/p>","type":"rich","thumbnail_url":"https:\/\/jobbmintvolt.cafeblog.hu\/files\/2016\/01\/bonanza-szekreter-eleg\u00e1nsan-150x150.jpg","thumbnail_width":150,"thumbnail_height":150}