{"version":"1.0","provider_name":"Jobb mint volt","provider_url":"https:\/\/jobbmintvolt.cafeblog.hu","author_name":"Ujh\u00e1zi Ildik\u00f3","author_url":"https:\/\/jobbmintvolt.cafeblog.hu\/author\/ujhazi_ildiko\/","title":"Retro kalandok","html":"<p style=\"text-align: justify\">K\u00e9sz\u00fcl egy k\u00e1v\u00e9z\u00f3 B\u00e9csben, eklektikus st\u00edlusban. A tulajdonosai, j\u00f3 bar\u00e1taim, nemr\u00e9g p\u00e1r retro fotellel, textilekkel \u00e9s konkr\u00e9t elk\u00e9pzel\u00e9sekkel toppantak be hozz\u00e1m, hogy ezekb\u0151l teremtsek valami \u00fajat sz\u00e1mukra. H\u00e1t ki tudna egy ilyennek ellen\u00e1llni, f\u0151k\u00e9nt mert ezerrel k\u00e9sz\u00fcl\u00f6k a janu\u00e1ri workshopomra, ahol pont ilyen fotelekkel kell majd megk\u00fczden\u00fcnk nekem \u00e9s a r\u00e9sztvev\u0151knek. Ez a k\u00e9t kis fotel el\u00e9g viharvert \u00e1llapotban volt. Pen\u00e9szes k\u00e1rpit, beszakadt hevederek \u00e9s elhaszn\u00e1lt szivacsok, \u00fagyhogy v\u00e1zig kellett bontani.<\/p>\r\n<p><a href=\"https:\/\/jobbmintvolt.cafeblog.hu\/files\/2015\/12\/kis-retro-el\u0151tte-p\u00e1ros.jpg\"><img class=\"size-large wp-image-419 alignnone\" src=\"https:\/\/jobbmintvolt.cafeblog.hu\/files\/2015\/12\/kis-retro-el\u0151tte-p\u00e1ros-600x450.jpg\" alt=\"kis retro el\u0151tte p\u00e1ros\" width=\"600\" height=\"450\" \/><\/a><\/p>\r\n<p><a href=\"https:\/\/jobbmintvolt.cafeblog.hu\/files\/2015\/12\/kis-retro-el\u0151tte.jpg\"><img class=\"size-large wp-image-418 alignnone\" src=\"https:\/\/jobbmintvolt.cafeblog.hu\/files\/2015\/12\/kis-retro-el\u0151tte-450x600.jpg\" alt=\"kis retro el\u0151tte\" width=\"450\" height=\"600\" \/><\/a><\/p>\r\n<p style=\"text-align: justify\">Mondanom sem kell, hogy a bont\u00e1s nem a kedvencem, ez\u00e9rt gyorsan le is vetk\u0151ztettem \u0151ket. Ha ti is hozz\u00e1kezdtek, aj\u00e1nlom a por\u00e1larcot \u00e9s keszty\u0171t v\u00e9d\u0151felszerel\u00e9snek. Bont\u00e1sn\u00e1l mindig fot\u00f3zok is, hogy k\u00e9s\u0151bb vissza tudjam n\u00e9zni mit hogyan csin\u00e1ltak el\u0151ttem. A fog\u00e1sok nagy r\u00e9sz\u00e9t m\u00e1r tudom, de mindig van \u00fajdons\u00e1g. Pl. itt a t\u00e1mla kialak\u00edt\u00e1sa \u00e9s a k\u00e1rpit r\u00f6gz\u00edt\u00e9se volt sz\u00e1momra \u00faj. De a sarkokat \u00e9s illeszt\u00e9seket sem \u00e1rt dokument\u00e1lni.<\/p>\r\n<p><a href=\"https:\/\/jobbmintvolt.cafeblog.hu\/files\/2015\/12\/kis-retro-bont\u00e1s-2.jpg\"><img class=\"size-large wp-image-412 alignnone\" src=\"https:\/\/jobbmintvolt.cafeblog.hu\/files\/2015\/12\/kis-retro-bont\u00e1s-2-600x450.jpg\" alt=\"kis retro bont\u00e1s 2\" width=\"600\" height=\"450\" \/><\/a> <a href=\"https:\/\/jobbmintvolt.cafeblog.hu\/files\/2015\/12\/kis-retro-bont\u00e1s-1.jpg\"><img class=\"size-large wp-image-411 alignnone\" src=\"https:\/\/jobbmintvolt.cafeblog.hu\/files\/2015\/12\/kis-retro-bont\u00e1s-1-600x450.jpg\" alt=\"kis retro bont\u00e1s 1\" width=\"600\" height=\"450\" \/><\/a> <a href=\"https:\/\/jobbmintvolt.cafeblog.hu\/files\/2015\/12\/kis-retro-bont\u00e1s.jpg\"><img class=\"size-large wp-image-410 alignnone\" src=\"https:\/\/jobbmintvolt.cafeblog.hu\/files\/2015\/12\/kis-retro-bont\u00e1s-600x450.jpg\" alt=\"kis retro bont\u00e1s\" width=\"600\" height=\"450\" \/><\/a> <a href=\"https:\/\/jobbmintvolt.cafeblog.hu\/files\/2015\/12\/kis-retro-bont\u00e1s-3.jpg\"><img class=\"size-large wp-image-413 alignnone\" src=\"https:\/\/jobbmintvolt.cafeblog.hu\/files\/2015\/12\/kis-retro-bont\u00e1s-3-600x450.jpg\" alt=\"kis retro bont\u00e1s 3\" width=\"600\" height=\"450\" \/><\/a><\/p>\r\n<p>A keretnek is \u00faj sz\u00ednt kellett adnom, \u00edgy j\u00f6tt egy kis csiszol\u00e1s, alapoz\u00e1s, sz\u00ednkever\u00e9s \u00e9s fest\u00e9s...na meg sz\u00e1rad\u00e1s. 3 r\u00e9teg selyemf\u00e9ny\u0171 zom\u00e1nc \u00e9s r\u00e1 m\u00e9g egy r\u00e9teg lakk hengerelve.<\/p>\r\n<p><a href=\"https:\/\/jobbmintvolt.cafeblog.hu\/files\/2015\/12\/kis-retro-csiszol\u00e1s-ut\u00e1n-1.jpg\"><img class=\"size-large wp-image-415 alignnone\" src=\"https:\/\/jobbmintvolt.cafeblog.hu\/files\/2015\/12\/kis-retro-csiszol\u00e1s-ut\u00e1n-1-600x450.jpg\" alt=\"kis retro csiszol\u00e1s ut\u00e1n 1\" width=\"600\" height=\"450\" \/><\/a><\/p>\r\n<p><a href=\"https:\/\/jobbmintvolt.cafeblog.hu\/files\/2015\/12\/kis-retro-csiszol\u00e1s-ut\u00e1n-2.jpg\"><img class=\"size-large wp-image-416 alignnone\" src=\"https:\/\/jobbmintvolt.cafeblog.hu\/files\/2015\/12\/kis-retro-csiszol\u00e1s-ut\u00e1n-2-450x600.jpg\" alt=\"kis retro csiszol\u00e1s ut\u00e1n 2\" width=\"450\" height=\"600\" \/><\/a><\/p>\r\n<p><a href=\"https:\/\/jobbmintvolt.cafeblog.hu\/files\/2015\/12\/kis-retro-alapoz\u00e1s.jpg\"><img class=\"size-large wp-image-406 alignnone\" src=\"https:\/\/jobbmintvolt.cafeblog.hu\/files\/2015\/12\/kis-retro-alapoz\u00e1s-600x450.jpg\" alt=\"kis retro alapoz\u00e1s\" width=\"600\" height=\"450\" \/><\/a><\/p>\r\n<p><a href=\"https:\/\/jobbmintvolt.cafeblog.hu\/files\/2015\/12\/kis-retro-lefestve.jpg\"><img class=\"size-large wp-image-423 alignnone\" src=\"https:\/\/jobbmintvolt.cafeblog.hu\/files\/2015\/12\/kis-retro-lefestve-450x600.jpg\" alt=\"kis retro lefestve\" width=\"450\" height=\"600\" \/><\/a><\/p>\r\n<p>K\u00f6zben elkezdtem persze a k\u00e1rpitoz\u00e1st is. Itt el\u0151sz\u00f6r egy alapv\u00e1sznat kellett az alj\u00e1ra (fel\u00fclr\u0151l) r\u00f6gz\u00edteni, \u00e9s erre j\u00f6ttek a hevederek. Ne v\u00e1rjatok most nagyon r\u00e9szletes le\u00edr\u00e1st, <a href=\"https:\/\/jobbmintvolt.cafeblog.hu\/2015\/11\/29\/oreg-karosszek-nem-ven-karosszek-2-resz\/\">itt<\/a> a hevederez\u00e9sr\u0151l mindent el tudtok olvasni. Majd a t\u00e1mla k\u00e1rpitj\u00e1t tart\u00f3 k\u00e1rpitosl\u00e9cet vissza sz\u00f6geltem oda ahol volt.<\/p>\r\n<p><a href=\"https:\/\/jobbmintvolt.cafeblog.hu\/files\/2015\/12\/kis-retro-als\u00f3-v\u00e1szon.jpg\"><img class=\"size-large wp-image-409 alignnone\" src=\"https:\/\/jobbmintvolt.cafeblog.hu\/files\/2015\/12\/kis-retro-als\u00f3-v\u00e1szon-600x450.jpg\" alt=\"kis retro als\u00f3 v\u00e1szon\" width=\"600\" height=\"450\" \/><\/a><\/p>\r\n<p><a href=\"https:\/\/jobbmintvolt.cafeblog.hu\/files\/2015\/12\/kis-retro-hevederek.jpg\"><img class=\"size-large wp-image-421 alignnone\" src=\"https:\/\/jobbmintvolt.cafeblog.hu\/files\/2015\/12\/kis-retro-hevederek-450x600.jpg\" alt=\"kis retro hevederek\" width=\"450\" height=\"600\" \/><\/a><\/p>\r\n<p><a href=\"https:\/\/jobbmintvolt.cafeblog.hu\/files\/2015\/12\/kis-retro-k\u00e1rpitos-l\u00e9c-vissza.jpg\"><img class=\"size-large wp-image-422 alignnone\" src=\"https:\/\/jobbmintvolt.cafeblog.hu\/files\/2015\/12\/kis-retro-k\u00e1rpitos-l\u00e9c-vissza-600x450.jpg\" alt=\"kis retro k\u00e1rpitos l\u00e9c vissza\" width=\"600\" height=\"450\" \/><\/a><\/p>\r\n<p>A t\u00e1ml\u00e1ra majd 2 cm szivacs, m\u00edg az \u00fcl\u0151r\u00e9szre 5 cm szivacs lett m\u00e9retre v\u00e1gva, \u00e9s k\u00e9s\u0151bb felragasztva. Nem\u00a0 akarlak ezzel untatni titeket, szint\u00e9n a m\u00e1r fent eml\u00edtett le\u00edr\u00e1sban van arr\u00f3l sz\u00f3, hogyan v\u00e1gjuk m\u00e9retre \u00e9s r\u00f6gz\u00edtj\u00fck a szivacsot. Itt annyi maradt ki, hogy nem kellett a szivacsra m\u00e9g k\u00fcl\u00f6n molino v\u00e1sznat vesz\u00edteni. Ezekn\u00e9l a sz\u00f6gletes form\u00e1kn\u00e1l \u00e9rdemes a szivacsot minden oldalon 0,5 cm-rel nagyobbra v\u00e1gni, hogy az \u00e9lek ne legyenek \u00e9rezhet\u0151ek a k\u00e1rpit alatt. Alulr\u00f3l az \u00fcl\u0151r\u00e9sz k\u00e1rpitj\u00e1t sz\u00e9pen visszahajtva csin\u00e1ltam, ahogy volt is, mivel ezt m\u00e1r nem fogja semmi sem fedni, kultur\u00e1ltan kell kin\u00e9znie :) Am\u00edg az \u00fcl\u0151r\u00e9sz nem volt meg, a t\u00e1ml\u00e1t m\u00e9g hevederezni sem tudtam, mivel nem f\u00e9rtem volna akkor hozz\u00e1 a k\u00e1rpitosl\u00e9chez.<\/p>\r\n<p><a href=\"https:\/\/jobbmintvolt.cafeblog.hu\/files\/2015\/12\/kis-retro-el\u0151bb-az-\u00fcl\u00e9s.jpg\"><img class=\"size-large wp-image-417 alignnone\" src=\"https:\/\/jobbmintvolt.cafeblog.hu\/files\/2015\/12\/kis-retro-el\u0151bb-az-\u00fcl\u00e9s-450x600.jpg\" alt=\"kis retro el\u0151bb az \u00fcl\u00e9s\" width=\"450\" height=\"600\" \/><\/a><\/p>\r\n<p><a href=\"https:\/\/jobbmintvolt.cafeblog.hu\/files\/2015\/12\/kis-retro-alja-let\u0171z\u00e9s.jpg\"><img class=\"size-large wp-image-408 alignnone\" src=\"https:\/\/jobbmintvolt.cafeblog.hu\/files\/2015\/12\/kis-retro-alja-let\u0171z\u00e9s-600x450.jpg\" alt=\"kis retro alja let\u0171z\u00e9s\" width=\"600\" height=\"450\" \/><\/a> <a href=\"https:\/\/jobbmintvolt.cafeblog.hu\/files\/2015\/12\/kis-retro-alja-k\u00e9szen.jpg\"><img class=\"size-large wp-image-407 alignnone\" src=\"https:\/\/jobbmintvolt.cafeblog.hu\/files\/2015\/12\/kis-retro-alja-k\u00e9szen-600x450.jpg\" alt=\"kis retro alja k\u00e9szen\" width=\"600\" height=\"450\" \/><\/a><\/p>\r\n<p>Ezut\u00e1n a t\u00e1mla hevederek, a szivacs \u00e9s a k\u00fcls\u0151 bor\u00edt\u00e1sa gyorsan felker\u00fclt. A h\u00e1tulj\u00e1t r\u00e9szben k\u00e9zzel, r\u00e9szben fel\u00fcl megt\u0171z\u00e9ssel helyeztem fel. A k\u00e9zi varr\u00e1st valahogy nagyon megkedveltem, pedig nem egy gyors munkafolyamat. Un. rejtett \u00f6lt\u00e9sekkel kell a visszahajtott anyagot, a m\u00e1r felt\u0171z\u00f6tth\u00f6z varrni g\u00f6rbet\u0171vel. Amint l\u00e1tj\u00e1tok itt is v\u00e9gig gombost\u0171kkel el\u0151r\u00f6gz\u00edtettem a textili\u00e1t, hogy ne mozduljon el vagy h\u00fazzam el valamelyik ir\u00e1nyba.\u00a0<\/p>\r\n<p><a href=\"https:\/\/jobbmintvolt.cafeblog.hu\/files\/2015\/12\/kis-retro-varr\u00e1s.jpg\"><img class=\"size-large wp-image-399 alignnone\" src=\"https:\/\/jobbmintvolt.cafeblog.hu\/files\/2015\/12\/kis-retro-varr\u00e1s-600x450.jpg\" alt=\"kis retro varr\u00e1s\" width=\"600\" height=\"450\" \/><\/a><\/p>\r\n<p>\u00c9s ezzel k\u00e9szen is voltak az \u00faj k\u00fcls\u0151t kapott fotelek. Ennek a fajt\u00e1nak kifejezetten designos alakja van, ha \u00fajra rendezn\u00e9m a lak\u00e1som tuti kapna helyet 1-2 darab benne. M\u00e1r alig v\u00e1rom, hogy \u00faj hely\u00fck\u00f6n is majd megn\u00e9zhessem \u0151ket, valami bitang j\u00f3 lesz a hely! De addig is a m\u0171hely fot\u00f3kkal kell be\u00e9rn\u00fcnk!<\/p>\r\n<p><a href=\"https:\/\/jobbmintvolt.cafeblog.hu\/files\/2015\/12\/kis-retro-el\u0151tte-ut\u00e1na.png\"><img class=\"size-large wp-image-420 alignnone\" src=\"https:\/\/jobbmintvolt.cafeblog.hu\/files\/2015\/12\/kis-retro-el\u0151tte-ut\u00e1na-600x453.png\" alt=\"kis retro el\u0151tte ut\u00e1na\" width=\"600\" height=\"453\" \/><\/a><\/p>\r\n<p><a href=\"https:\/\/jobbmintvolt.cafeblog.hu\/files\/2015\/12\/kis-retro-sarok.jpg\"><img class=\"size-large wp-image-427 alignnone\" src=\"https:\/\/jobbmintvolt.cafeblog.hu\/files\/2015\/12\/kis-retro-sarok-600x450.jpg\" alt=\"kis retro sarok\" width=\"600\" height=\"450\" \/><\/a><\/p>\r\n<p><a href=\"https:\/\/jobbmintvolt.cafeblog.hu\/files\/2015\/12\/kis-retro-6.jpg\"><img class=\"size-large wp-image-405 alignnone\" src=\"https:\/\/jobbmintvolt.cafeblog.hu\/files\/2015\/12\/kis-retro-6-450x600.jpg\" alt=\"kis retro 6\" width=\"450\" height=\"600\" \/><\/a><\/p>\r\n<p><a href=\"https:\/\/jobbmintvolt.cafeblog.hu\/files\/2015\/12\/kis-retro-5.jpg\"><img class=\"size-large wp-image-404 alignnone\" src=\"https:\/\/jobbmintvolt.cafeblog.hu\/files\/2015\/12\/kis-retro-5-450x600.jpg\" alt=\"kis retro 5\" width=\"450\" height=\"600\" \/><\/a><\/p>\r\n<p><a href=\"https:\/\/jobbmintvolt.cafeblog.hu\/files\/2015\/12\/kis-retro-4.jpg\"><img class=\"size-large wp-image-403 alignnone\" src=\"https:\/\/jobbmintvolt.cafeblog.hu\/files\/2015\/12\/kis-retro-4-450x600.jpg\" alt=\"kis retro 4\" width=\"450\" height=\"600\" \/><\/a><\/p>\r\n<p><a href=\"https:\/\/jobbmintvolt.cafeblog.hu\/files\/2015\/12\/kis-retro-3.jpg\"><img class=\"size-large wp-image-402 alignnone\" src=\"https:\/\/jobbmintvolt.cafeblog.hu\/files\/2015\/12\/kis-retro-3-450x600.jpg\" alt=\"kis retro 3\" width=\"450\" height=\"600\" \/><\/a><\/p>\r\n<p><a href=\"https:\/\/jobbmintvolt.cafeblog.hu\/files\/2015\/12\/kis-retro-2.jpg\"><img class=\"size-large wp-image-401 alignnone\" src=\"https:\/\/jobbmintvolt.cafeblog.hu\/files\/2015\/12\/kis-retro-2-450x600.jpg\" alt=\"kis retro 2\" width=\"450\" height=\"600\" \/><\/a><\/p>\r\n<p><a href=\"https:\/\/jobbmintvolt.cafeblog.hu\/files\/2015\/12\/kis-retro.jpg\"><img class=\"size-large wp-image-400 alignnone\" src=\"https:\/\/jobbmintvolt.cafeblog.hu\/files\/2015\/12\/kis-retro-450x600.jpg\" alt=\"kis retro\" width=\"450\" height=\"600\" \/><\/a><\/p>\r\n<p><a href=\"https:\/\/jobbmintvolt.cafeblog.hu\/files\/2015\/12\/kis-retro-p\u00e1rban-2.jpg\"><img class=\"size-large wp-image-426 alignnone\" src=\"https:\/\/jobbmintvolt.cafeblog.hu\/files\/2015\/12\/kis-retro-p\u00e1rban-2-450x600.jpg\" alt=\"kis retro p\u00e1rban 2\" width=\"450\" height=\"600\" \/><\/a><\/p>\r\n<p><a href=\"https:\/\/jobbmintvolt.cafeblog.hu\/files\/2015\/12\/kis-retro-p\u00e1rban.jpg\"><img class=\"alignleft size-large wp-image-425\" src=\"https:\/\/jobbmintvolt.cafeblog.hu\/files\/2015\/12\/kis-retro-p\u00e1rban-600x450.jpg\" alt=\"kis retro p\u00e1rban\" width=\"600\" height=\"450\" \/><\/a><\/p>","type":"rich","thumbnail_url":"https:\/\/jobbmintvolt.cafeblog.hu\/files\/2015\/12\/kis-retro-mont\u00e1zs-150x150.jpg","thumbnail_width":150,"thumbnail_height":150}